{"id":1212,"date":"2020-12-15T15:56:02","date_gmt":"2020-12-15T14:56:02","guid":{"rendered":"http:\/\/claudiabirkholz.de\/curriculo\/"},"modified":"2020-12-21T12:35:59","modified_gmt":"2020-12-21T11:35:59","slug":"curriculo","status":"publish","type":"page","link":"https:\/\/portfolio.yd-media.de\/birkholz\/pt-pt\/curriculo\/","title":{"rendered":"Curr\u00edculo"},"content":{"rendered":"<section class=\"wpb-content-wrapper\"><p>[vc_row full_width=&#8221;stretch_row&#8221; content_placement=&#8221;middle&#8221; el_class=&#8221;cb-header&#8221;][vc_column][vc_row_inner][vc_column_inner][vc_raw_html]PHAgY2xhc3M9ImNiLWNydW1iIj48c3Bhbj48L3NwYW4+IEN1cnLDrWN1bG88L3A+[\/vc_raw_html][vc_column_text]<\/p>\n<h1> A paix\u00e3o. <\/h1>\n<p>[\/vc_column_text][vc_column_text]Uma vida pela m\u00fasica. O que isso realmente significa? Algu\u00e9m vive para a m\u00fasica se ela representa a fonte de seu sustento? Ou algu\u00e9m viveu para a m\u00fasica quando a sua composi\u00e7\u00e3o ainda \u00e9 considerada inovadora depois de v\u00e1rias centenas de anos? No final, a defini\u00e7\u00e3o \u00e9 t\u00e3o individual quanto a pr\u00f3pria m\u00fasica. Claudia Janet Birkholz dedicou sua vida \u00e0 m\u00fasica \u2013 e se prop\u00f4s a levar a alegria da arte sonora para o maior n\u00famero de pessoas poss\u00edvel.[\/vc_column_text][\/vc_column_inner][\/vc_row_inner][\/vc_column][\/vc_row][vc_row el_class=&#8221;cb-small-width&#8221;][vc_column]<div class=\"ult-spacer spacer-69f46555a5a54\" data-id=\"69f46555a5a54\" data-height=\"70\" data-height-mobile=\"50\" data-height-tab=\"\" data-height-tab-portrait=\"\" data-height-mobile-landscape=\"50\" style=\"clear:both;display:block;\"><\/div>[vc_row_inner content_placement=&#8221;middle&#8221; el_class=&#8221;event-div&#8221;][vc_column_inner][vc_raw_html el_class=&#8221;cb-small-width&#8221;]PGgxIGNsYXNzPSJjYi1oaC1saW5lIj48c3Bhbj48L3NwYW4+IEEgcGVyY2Vww6fDo28uIDwvaDE+[\/vc_raw_html]<div class=\"ult-spacer spacer-69f46555a5a7a\" data-id=\"69f46555a5a7a\" data-height=\"30\" data-height-mobile=\"30\" data-height-tab=\"30\" data-height-tab-portrait=\"\" data-height-mobile-landscape=\"\" style=\"clear:both;display:block;\"><\/div>[vc_column_text]Quando Claudia Janet Birkholz completou os estudos em 1991 com o exame final para concertos e a nota m\u00e1xima, o caminho que ela far\u00e1 na vida j\u00e1 pode ser percebido com clareza. Sem se orientar em expectativas convencionais, a \u00fanica b\u00fassola em que ela confia \u00e9 sua paix\u00e3o por tons e sons em todas as facetas imagin\u00e1veis. [\/vc_column_text][vc_column_text]<\/p>\n<p class=\"p1\">Nascida em Bremen, ela se manteve fiel \u00e0 sua terra natal e estudou m\u00fasica na Hochschule f\u00fcr K\u00fcnste (HfK, Universidade das Artes) local. Durante esse per\u00edodo, seu professor na \u00e9poca, o m\u00fasico de c\u00e2mara Kurt Seibert, tornou-se um patrocinador pioneiro e orientador da jovem pianista. As primeiras produ\u00e7\u00f5es de r\u00e1dio seguiram-se no in\u00edcio, entre outras com a Nordwestdeutsche Philharmonie sob Klaus Bernbacher e participa\u00e7\u00f5es em s\u00e9ries de concertos (Pro Musica Nova Bremen). Uma colabora\u00e7\u00e3o e amizade inspiradora para toda a vida desenvolveu-se com o ent\u00e3o diretor musical e compositor Hans Otte.\n<\/p>\n<p>[\/vc_column_text][vc_column_text]<\/p>\n<p class=\"p1\">Ela tamb\u00e9m trabalha com grandes nomes como Elisabeth Leonskaja e Vitaly Margulis. Em Paris, na pessoa de Claude Helffer, ela experimenta a inspira\u00e7\u00e3o que estabelecer\u00e1 seu amor posterior pela m\u00fasica contempor\u00e2nea. Durante esse per\u00edodo din\u00e2mico, ela aprende a t\u00e9cnica perfeita, mas percebe que n\u00e3o \u00e9 para isso que o sangue dela ferve: Ela quer criar algo novo, ousar fazer o n\u00e3o convencional, romper limites e cruzar fronteiras.<\/p>\n<p>[\/vc_column_text][vc_column_text]<\/p>\n<p class=\"p1\">Com uma vasta experi\u00eancia, pr\u00eamios recebidos (incluindo uma bolsa da Associa\u00e7\u00e3o Richard Wagner) e in\u00fameras ideias que j\u00e1 eram muito claras na \u00e9poca, em 1993 ela come\u00e7ou a transmitir sua experi\u00eancia a jovens talentos como professora de piano e m\u00fasica contempor\u00e2nea na Hochschule f\u00fcr Kunst (HfK) em Bremen. Movida pelo desejo de experimentar, os anos 90 s\u00e3o caracterizados por concertos e produ\u00e7\u00f5es retumbantes. Na m\u00fasica contempor\u00e2nea, ela finalmente encontra a liberdade de que precisa para desenvolver seu potencial criativo da melhor forma poss\u00edvel.\n<\/p>\n<p>[\/vc_column_text][vc_column_text]<\/p>\n<p class=\"p1\">Como pianista do ensemble &#8220;Quart&#8221; e do &#8220;ensemble Int\u00e9grale&#8221; para M\u00fasica Nova, assistiu a concertos como parte do Festival Messiaen em D\u00fcsseldorf, os Dias de M\u00fasica Nova em Hanover e v\u00e1rias produ\u00e7\u00f5es para a R\u00e1dio Bremen. Ela ganhou mais experi\u00eancia de palco, entre outros, no Bodenseefestspiele, no Schleswig-Holstein Musikfestival, Wien Modern, na Gaudeamus Music Week nos Pa\u00edses Baixos em colabora\u00e7\u00e3o com o diretor de teatro Johann Kresnik ou em projetos com o Deutsche Kammerphilharmonie Bremen. Por fim, Claudia Janet Birkholz \u00e9 marcada principalmente pelas viagens que a levam n\u00e3o s\u00f3 pela Europa, mas tamb\u00e9m aos EUA, Jap\u00e3o, Ir\u00e3 e Mong\u00f3lia.<\/p>\n<p>[\/vc_column_text][\/vc_column_inner][\/vc_row_inner]<div class=\"ult-spacer spacer-69f46555a5a93\" data-id=\"69f46555a5a93\" data-height=\"50\" data-height-mobile=\"40\" data-height-tab=\"\" data-height-tab-portrait=\"\" data-height-mobile-landscape=\"40\" style=\"clear:both;display:block;\"><\/div>[\/vc_column][\/vc_row][vc_row full_width=&#8221;stretch_row&#8221; css=&#8221;.vc_custom_1605195365012{background-color: #131b33 !important;}&#8221; el_class=&#8221;cb-dark-div&#8221;][vc_column][vc_row_inner el_class=&#8221;cb-small-width&#8221;][vc_column_inner]<div class=\"ult-spacer spacer-69f46555a5aa8\" data-id=\"69f46555a5aa8\" data-height=\"40\" data-height-mobile=\"40\" data-height-tab=\"40\" data-height-tab-portrait=\"\" data-height-mobile-landscape=\"\" style=\"clear:both;display:block;\"><\/div>[vc_raw_html el_class=&#8221;cb-small-width&#8221;]PGgxIGNsYXNzPSJjYi1oaC1saW5lIj5BIG1lbnNhZ2VtLjxkaXYgY2xhc3M9ImNiLWgtbGluZS0zIj48L2Rpdj48L2gxPg==[\/vc_raw_html]<div class=\"ult-spacer spacer-69f46555a5abb\" data-id=\"69f46555a5abb\" data-height=\"30\" data-height-mobile=\"30\" data-height-tab=\"30\" data-height-tab-portrait=\"\" data-height-mobile-landscape=\"\" style=\"clear:both;display:block;\"><\/div>[vc_column_text]Jamais ficar parado: Claudia Janet Birkholz est\u00e1 sempre em busca de novas inspira\u00e7\u00f5es para a cria\u00e7\u00e3o de mundos sonoros desconhecidos. Depois de poder experimentar e se encontrar na fase inicial de sua carreira, h\u00e1 anos que o foco se encontra em um novo papel. Ela se v\u00ea como uma embaixadora de uma m\u00fasica \u00e0s vezes irritante, mas sempre surpreendente.<br \/>\n[\/vc_column_text][vc_column_text]Esta estrela rege o seu compromisso com a Universidade das Artes de Bremen, mas tamb\u00e9m a concep\u00e7\u00e3o de novos programas. Aqui encontram o seu lugar obras n\u00e3o convencionais da \u00e1rea de artes c\u00e9nicas, assim como formatos de concertos inusitados em que trabalha em conjunto com neurocientistas, psic\u00f3logos, matem\u00e1ticos ou pesquisadores da \u00e1rea da intelig\u00eancia artificial. Outro marco \u00e9 a s\u00e9rie de concertos &#8220;Let\u2019s talk music&#8221; lan\u00e7ada em 2015. Aqui, ela troca ideias no palco com personalidades das \u00e1reas de ci\u00eancia, economia ou m\u00fasica.<br \/>\n[\/vc_column_text][vc_column_text]Seu trabalho de divulga\u00e7\u00e3o da M\u00fasica Nova leva ao trabalho da associa\u00e7\u00e3o. Como presidente da associa\u00e7\u00e3o &#8220;realtime \u2013 Forum Neue Musik e.V.&#8221;, por ela fundada, \u00e9 importante para ela inspirar o maior n\u00famero poss\u00edvel de pessoas para a arte sonora \u2013 e motiv\u00e1-las a participar ativamente. Neste contexto com &#8220;realtime \u2013 festival internacional de m\u00fasica nova&#8221;, em 2021 acontecer\u00e1 pela primeira vez um evento em Bremen que gira em torno desta forma especial de representa\u00e7\u00e3o \u2013 com Claudia Janet Birkholz como diretora art\u00edstica.[\/vc_column_text][\/vc_column_inner][\/vc_row_inner]<div class=\"ult-spacer spacer-69f46555a5acc\" data-id=\"69f46555a5acc\" data-height=\"50\" data-height-mobile=\"50\" data-height-tab=\"50\" data-height-tab-portrait=\"\" data-height-mobile-landscape=\"\" style=\"clear:both;display:block;\"><\/div>[\/vc_column][\/vc_row][vc_row full_width=&#8221;stretch_row&#8221; css=&#8221;.vc_custom_1605022643988{background-color: #f2f2f2 !important;}&#8221;][vc_column]<div class=\"ult-spacer spacer-69f46555a5ade\" data-id=\"69f46555a5ade\" data-height=\"50\" data-height-mobile=\"50\" data-height-tab=\"50\" data-height-tab-portrait=\"\" data-height-mobile-landscape=\"\" style=\"clear:both;display:block;\"><\/div>[\/vc_column][\/vc_row][vc_row][vc_column]<div class=\"ult-spacer spacer-69f46555a5af0\" data-id=\"69f46555a5af0\" data-height=\"40\" data-height-mobile=\"0\" data-height-tab=\"\" data-height-tab-portrait=\"\" data-height-mobile-landscape=\"0\" style=\"clear:both;display:block;\"><\/div>[\/vc_column][\/vc_row][vc_row content_placement=&#8221;middle&#8221;][vc_column][vc_row_inner content_placement=&#8221;middle&#8221; el_class=&#8221;cb-small-width&#8221;][vc_column_inner][vc_raw_html]PGgxPiBBIG9icmEuIDwvaDE+[\/vc_raw_html][vc_column_text]<\/p>\n<p class=\"cb-black\">&#8220;A arte n\u00e3o se mede pelo n\u00famero de obras, mas pela complexidade, pela interdisciplinaridade \u2013 e pela recep\u00e7\u00e3o&#8221;. Um excerto do trabalho de Claudia Janet Birkholz:\n<\/p>\n<p>[\/vc_column_text][vc_separator color=&#8221;custom&#8221; el_class=&#8221;blockquote-sep&#8221; accent_color=&#8221;#efc66b&#8221;][vc_raw_html]PGgzPiBDb21wb3Npw6fDtWVzIGRlIENsYXVkaWEgQmlya2hvbHo6IDwvaDM+[\/vc_raw_html][\/vc_column_inner][\/vc_row_inner][vc_row_inner content_placement=&#8221;top&#8221; el_class=&#8221;cb-small-width cb-werk&#8221;][vc_column_inner width=&#8221;1\/2&#8243;][vc_raw_html]PHA+PHNwYW4+MjAyMDwvc3Bhbj4gQmlybWluZ2hhbSAocGlhbm8gcHJlcGFyYWRvKTwvcD4NCjxwPjxzcGFuPjIwMTg8L3NwYW4+IFRveS1Tb25nIE9uZTwvcD4NCjxwPjxzcGFuPjIwMTg8L3NwYW4+IFBhbmRvcmEgKGVuc2VtYmxlKTwvcD4NCjxwPjxzcGFuPjIwMTc8L3NwYW4+IGJtcDEyMzwvcD4NCjxwPjxzcGFuPjIwMTc8L3NwYW4+IEltIFNwaWVnZWw8L3A+DQo8cD48c3Bhbj4yMDE1PC9zcGFuPiBMaWVkZXIgb2huZSBXb3J0ZSAoZW5zZW1ibGUgZSBhY29tcGFuaGFtZW50byk8L3A+DQo8cD48c3Bhbj4yMDE0PC9zcGFuPiBTY2huZWV3aXR0Y2hlbi1TemVuZW4gKHBlcmZvcm1hbmNlKTwvcD4NCjxwPjxzcGFuPjIwMTQ8L3NwYW4+IFNwaWVnbGVpbiwgU3BpZWdsZWluLi4uIChQaWFubywgcGlhbm9zIGRlIGJyaW5xdWVkbywgZmxleGF0b24sIGthbGltYmEgZXRjLik8L3A+DQo8cD48c3Bhbj4yMDEzPC9zcGFuPiBHZXJhZGVhdXMg4oCTIHp3ZWltYWwgcmVjaHRzIChwZXJmb3JtYW5jZSk8L3A+[\/vc_raw_html][\/vc_column_inner][vc_column_inner width=&#8221;1\/2&#8243;][vc_raw_html]PHA+PHNwYW4+MjAxMzwvc3Bhbj4gQmV0d2VlbiB0aGVzZSBMaW5lcyAocGlhbm8sIGFjb21wYW5oYW1lbnRvIGRlIENEKTwvcD4NCjxwPjxzcGFuPjIwMTE8L3NwYW4+IFByaW50bXVzaWMgKHBpYW5vIHByZXBhcmFkbyBlIGFjb21wYW5oYW1lbnRvIGRlIGZpdGEgY2Fzc2V0ZSk8L3A+DQo8cD48c3Bhbj4yMDA4PC9zcGFuPiBwbGF5IHRveS1nYW1lYm95IChwaWFubyBkZSBicmlucXVlZG8gZSBhY29tcGFuaGFtZW50byBkZSBmaXRhIGNhc3NldGUpPC9wPg0KPHA+PHNwYW4+MjAwNzwvc3Bhbj4gU29tZXRoaW5nIHllbGxvdyDigJMgYW5kIGEgbGl0dGxlIGJpdCBncmVlbiAocGlhbm8sIHBpYW5vIGRlIGJyaW5xdWVkbyBlIGFjb21wYW5oYW1lbnRvIGRlIGZpdGEgY2Fzc2V0ZSk8L3A+DQo8cD48c3Bhbj4yMDA2PC9zcGFuPiBJbnRvIFRoZSBCbHVlIElJICh2aW9saW5vLCBwaWFubyBlIGFjb21wYW5oYW1lbnRvIGRlIGZpdGEgY2Fzc2V0ZSk8L3A+DQo8cD48c3Bhbj4yMDA1PC9zcGFuPiBJbnRvIFRoZSBCbHVlIChwaWFubyBlIGFjb21wYW5oYW1lbnRvIGRlIGZpdGEgY2Fzc2V0ZSk8L3A+DQo8cD48c3Bhbj4yMDAzPC9zcGFuPiBNdXNjaGVsbiAocGlhbm8gcHJlcGFyYWRvKTwvcD4NCjxwPjxzcGFuPjIwMDI8L3NwYW4+IE9ocmVuYmlsZGVyIChwaWFubyk8L3A+DQoNCg0KDQoNCg0KDQoNCg0KDQoNCg0KDQoNCg0KDQoNCg==[\/vc_raw_html][\/vc_column_inner][\/vc_row_inner][vc_row_inner content_placement=&#8221;top&#8221; el_class=&#8221;cb-small-width&#8221;][vc_column_inner][vc_raw_html]PGgzPiBDb21wb3Npw6fDtWVzIHBhcmEgQ2xhdWRpYSBCaXJraG9sejogIDwvaDM+[\/vc_raw_html][\/vc_column_inner][\/vc_row_inner][vc_row_inner content_placement=&#8221;top&#8221; el_class=&#8221;cb-small-width cb-werk-2&#8243;][vc_column_inner width=&#8221;1\/3&#8243;][vc_raw_html]PHA+QnVya2hhcmQgRnJpZWRyaWNoPHNwYW4+QWlyPC9zcGFuPjwvcD4NCjxwPkhhbnMgSm9hY2hpbSBIZXNwb3M8c3Bhbj5IbTwvc3Bhbj48L3A+DQo8cD5NYXl1IE1hc3VkYTxzcGFuPlRpbWUvU3BhY2U8L3NwYW4+PC9wPg0KPHA+S2F6dXlvIE5vemF3YTxzcGFuPlNnYW5hcmVsbGU8L3NwYW4+PC9wPg==[\/vc_raw_html][\/vc_column_inner][vc_column_inner width=&#8221;1\/3&#8243;][vc_raw_html]PHA+RXJ3aW4gS29jaC1SYXBoYWVsPHNwYW4+Q29tcG9zaXRpb25zIE5vLjY3LCB0b3ktdmFyaWF0aW9uczwvc3Bhbj48L3A+DQo8cD5UaG9tYXMgTGHMiHVibGk8c3Bhbj5Tb3J0aWUgZOKAmGVuZmFuY2U8L3NwYW4+PC9wPg0KPHA+SGFucyBPdHRlPHNwYW4+V2VsY29tZTwvc3Bhbj48L3A+[\/vc_raw_html][\/vc_column_inner][vc_column_inner width=&#8221;1\/3&#8243;][vc_raw_html]PHA+WW9zaGloaWtvIFNoaW1penU8c3Bhbj5UcmFjaW5nPC9zcGFuPjwvcD4NCjxwPkJydW5vIFN0cm9ibDxzcGFuPkVudGZ1zIhocnVuZyB1bSBBY2h0PC9zcGFuPjwvcD4NCjxwPlRvbW9oaXJvIFlhbWFndWNoaTxzcGFuPlNvbC1mYSBzb25nPC9zcGFuPjwvcD4=[\/vc_raw_html][\/vc_column_inner][\/vc_row_inner][vc_row_inner content_placement=&#8221;top&#8221; el_class=&#8221;cb-small-width&#8221;][vc_column_inner][vc_raw_html]PGgzPiBEaXNjb2dyYWZpYSA8L2gzPg==[\/vc_raw_html][\/vc_column_inner][\/vc_row_inner][vc_row_inner content_placement=&#8221;top&#8221; el_class=&#8221;cb-small-width cb-werk-3&#8243;][vc_column_inner width=&#8221;1\/2&#8243;][vc_raw_html]PHA+T3R0ZXMgS2zDpG5nZSwgRGFzIEJ1Y2ggZGVyIEtsYcyIbmdlPGJyPg0KPHNwYW4+SGFucyBPdHRlLCAyMDEzPC9zcGFuPjwvcD4NCjxwPkVudGbDvGhydW5nIHVtIEFjaHQ8YnI+DQo8c3Bhbj5vYnJhcyBwYXJhIHBpYW5vIGUgcGlhbm8gZGUgYnJpbnF1ZWRvLCAyMDA5PC9zcGFuPjwvcD4NCjxwPlRyYWNlcyBvZiBBc2lhPGJyPg0KPHNwYW4+Y29tIGVuc2VtYmxlIEludGXMgWdyYWxlcywgMjAwNzwvc3Bhbj48L3A+DQo8cD5Wb29yIGhldCBIb29yZW4gZ2Vib3Jlbjxicj4NCjxzcGFuPm3DunNpY2EgZGUgY8OibWFyYSBvYnJhcyBkZSBNYXJrbyBDaWNpbGlhbmksIDIwMDY8L3NwYW4+PC9wPg==[\/vc_raw_html][\/vc_column_inner][vc_column_inner width=&#8221;1\/2&#8243;][vc_raw_html]PHA+WW91bmcgRXVyb3BlYW4gR2VuZXJhdGlvbjxicj4NCjxzcGFuPmNvbSBlbnNlbWJsZSBJbnRlzIFncmFsZXMsIDIwMDU8L3NwYW4+PC9wPg0KPHA+U29uYXRhcyBhbmQgSW50ZXJsdWRlczxicj4NCjxzcGFuPkpvaG4gQ2FnZSwgMjAwMzwvc3Bhbj48L3A+DQo8cD4zQzxicj4NCjxzcGFuPm9icmFzIHBhcmEgcGlhbm87IHNvbG8gZGUgSi5DYWdlLCBHLkNydW1iLCBILkNvd2VsbCwgMjAwMTwvc3Bhbj48L3A+DQo8cD5CdXJraGFyZCBGcmllZHJpY2g8YnI+DQo8c3Bhbj5vYnJhcyBkZSBtw7pzaWNhIGRlIGPDom1hcmEsIGNvbSBlbnNlbWJsZSBJbnRlzIFncmFsZXMsIDIwMDA8L3NwYW4+PC9wPg==[\/vc_raw_html][\/vc_column_inner][\/vc_row_inner]<div class=\"ult-spacer spacer-69f46555a5b00\" data-id=\"69f46555a5b00\" data-height=\"40\" data-height-mobile=\"25\" data-height-tab=\"\" data-height-tab-portrait=\"\" data-height-mobile-landscape=\"25\" style=\"clear:both;display:block;\"><\/div>[\/vc_column][\/vc_row][vc_row full_width=&#8221;stretch_row&#8221; content_placement=&#8221;middle&#8221; css=&#8221;.vc_custom_1605711540719{background-color: #f7f7f7 !important;}&#8221;][vc_column][vc_row_inner content_placement=&#8221;middle&#8221; el_class=&#8221;cb-small-width&#8221;][vc_column_inner]<div class=\"ult-spacer spacer-69f46555a5b16\" data-id=\"69f46555a5b16\" data-height=\"40\" data-height-mobile=\"20\" data-height-tab=\"\" data-height-tab-portrait=\"\" data-height-mobile-landscape=\"20\" style=\"clear:both;display:block;\"><\/div>[vc_raw_html]PGgxIGNsYXNzPSJjYi1oaC1saW5lIj4gTyByZWNvbmhlY2ltZW50by4gPC9oMT4=[\/vc_raw_html][vc_column_text]<\/p>\n<p class=\"cb-black\">Embora Claudia Janet Birkholz tenha desenvolvido sua pr\u00f3pria compreens\u00e3o pessoal da m\u00fasica ao longo dos anos e tenha definido prefer\u00eancias completamente individuais, ela sempre alcan\u00e7a seu p\u00fablico com cada encena\u00e7\u00e3o. Isso \u00e9 confirmado n\u00e3o apenas por pessoas interessadas, mas tamb\u00e9m por colegas e especialistas. Assim, o ex-diretor musical e compositor do ARD, Hans Otte, atesta seu &#8220;grande senso sonoro e capacidade criativa completamente convincente&#8221;.\n<\/p>\n<p>[\/vc_column_text][vc_separator color=&#8221;custom&#8221; el_class=&#8221;blockquote-sep&#8221; accent_color=&#8221;#efc66b&#8221;][vc_column_text]<\/p>\n<div class=\"blockquote-c\">\n<p>&#8220;(A) pianista de Bremen realizou magia com timbres que ficam na mem\u00f3ria.&#8221;<br \/>\n<strong>Presse, 2010<\/strong><\/p>\n<\/div>\n<p>[\/vc_column_text][vc_separator color=&#8221;custom&#8221; el_class=&#8221;blockquote-sep&#8221; accent_color=&#8221;#efc66b&#8221;][vc_column_text]<\/p>\n<div class=\"blockquote-c\">\n<p>&#8220;Claudia Birkholz cria uma aura com sua maestria extraordin\u00e1ria, conferindo-lhe uma dimens\u00e3o adicional em seus concertos atrav\u00e9s de sua t\u00e3o especial presen\u00e7a de palco.&#8221; Atrav\u00e9s de sua interpreta\u00e7\u00e3o, cada composi\u00e7\u00e3o recebe uma profundidade de campo sem precedentes, que permite que o compositor e sua obra se tornem presentes.&#8221;<br \/>\n<strong>Burkhard Friedrich<\/strong><\/p>\n<\/div>\n<p>[\/vc_column_text][\/vc_column_inner][\/vc_row_inner]<div class=\"ult-spacer spacer-69f46555a5b24\" data-id=\"69f46555a5b24\" data-height=\"40\" data-height-mobile=\"40\" data-height-tab=\"40\" data-height-tab-portrait=\"\" data-height-mobile-landscape=\"\" style=\"clear:both;display:block;\"><\/div>[\/vc_column][\/vc_row][vc_row full_width=&#8221;stretch_row&#8221; content_placement=&#8221;middle&#8221; el_class=&#8221;cb-zitate&#8221;][vc_column]<div class=\"ult-spacer spacer-69f46555a5b32\" data-id=\"69f46555a5b32\" data-height=\"80\" data-height-mobile=\"20\" data-height-tab=\"\" data-height-tab-portrait=\"\" data-height-mobile-landscape=\"20\" style=\"clear:both;display:block;\"><\/div>[vc_row_inner content_placement=&#8221;middle&#8221; el_class=&#8221;cb-small-width&#8221;][vc_column_inner][vc_raw_html]PGgyIGNsYXNzPSJjYi1oaC1saW5lIGNlbnRlciI+IEEgdmlzdGEgZGUgZm9yYS4gPC9oMj4=[\/vc_raw_html][vc_column_text]<\/p>\n<p class=\"cb-black\">Sempre que pessoas de fora s\u00e3o confrontadas com o trabalho de Claudia Janet Birkholz, \u00e9 como mergulhar em um mundo estranho. Uma vis\u00e3o geral das resenhas:\n<\/p>\n<p>[\/vc_column_text]<div class=\"ult-spacer spacer-69f46555a5b40\" data-id=\"69f46555a5b40\" data-height=\"20\" data-height-mobile=\"20\" data-height-tab=\"20\" data-height-tab-portrait=\"\" data-height-mobile-landscape=\"\" style=\"clear:both;display:block;\"><\/div>[vc_column_text css_animation=&#8221;flipInX&#8221; el_class=&#8221;cb-block-quote&#8221;]<\/p>\n<blockquote class=\"wp-block-quote\"><p> &#8220;Ela n\u00e3o s\u00f3 disp\u00f5e da habilidade de tocar todas as nuances de toque, mas tamb\u00e9m e acima de tudo, o poder (&#8230;) de criar inspira\u00e7\u00f5es vision\u00e1rias na frente do ouvinte.&#8221;<br \/>\n<strong>Weser-Kurier, 1987<\/strong><\/p><\/blockquote>\n<p>[\/vc_column_text][vc_column_text css_animation=&#8221;flipInX&#8221; el_class=&#8221;cb-block-quote&#8221;]<\/p>\n<blockquote class=\"wp-block-quote\"><p>&#8220;Claudia Janet Birkholz \u00e9 uma mestre em t\u00e9cnicas instrumentais avan\u00e7adas. Ela chega a agarrar as cordas de um piano de cauda com os dedos; e mesmo quando assobia para dentro do instrumento, ela obt\u00e9m uma reverbera\u00e7\u00e3o suspreendente.&#8221;<br \/>\n<strong>Mittelbayrische, August 2017<\/strong><\/p><\/blockquote>\n<p>[\/vc_column_text][vc_column_text css_animation=&#8221;flipInX&#8221; el_class=&#8221;cb-block-quote&#8221;]<\/p>\n<blockquote class=\"wp-block-quote\"><p>&#8220;O brilhantismo t\u00e9cnico nunca foi colocado em primeiro plano sozinho. Especialmente no ciclo de piano de Messiaen, o pensamento po\u00e9tico (..) estava presente na sala de maneira impressionante.&#8221;<br \/>\n<strong>Hamburger Abendblatt<\/strong><\/p><\/blockquote>\n<p>[\/vc_column_text][vc_column_text css_animation=&#8221;flipInX&#8221; el_class=&#8221;cb-block-quote&#8221;]<\/p>\n<blockquote class=\"wp-block-quote\"><p>&#8220;Messiaen revela (&#8230;) imagens marcantes. (&#8230;) uma interpreta\u00e7\u00e3o variada e de intensiva sonoridade.&#8221;<br \/>\n<strong>Westdeutsche Zeitung D\u00fcsseldorf<\/strong><\/p><\/blockquote>\n<p>[\/vc_column_text][vc_column_text css_animation=&#8221;flipInX&#8221; el_class=&#8221;cb-block-quote&#8221;]<\/p>\n<blockquote class=\"wp-block-quote\"><p>&#8220;Expressivo, multifacetado e em cores vivas, bem como com uma perfei\u00e7\u00e3o extraordin\u00e1ria, (Claudia Birkholz) deixa o p\u00fablico mergulhar no reino do ex\u00f3tico e da medita\u00e7\u00e3o.&#8221;<br \/>\n<strong>Oberpf\u00e4lzer Nachrichten<\/strong><\/p><\/blockquote>\n<p>[\/vc_column_text][vc_column_text css_animation=&#8221;flipInX&#8221; el_class=&#8221;cb-block-quote&#8221;]<\/p>\n<blockquote class=\"wp-block-quote\"><p>&#8220;Com &#8220;Quaderno Musicale di Annalibera&#8221; para piano de Dallapiccola, Claudia Birkholz rastreia as onze reflex\u00f5es sobre os contrapontos da &#8220;Arte da Fuga&#8221; de Bach com o mais fino senso musical e maravilhosa poesia.&#8221;<br \/>\n<strong>Kreiszeitung, 2017<\/strong><\/p><\/blockquote>\n<p>[\/vc_column_text][vc_column_text css_animation=&#8221;flipInX&#8221; el_class=&#8221;cb-block-quote&#8221;]<\/p>\n<blockquote class=\"wp-block-quote\"><p> &#8220;(&#8230;) Birkholz tamb\u00e9m tocou pe\u00e7as solo da t\u00e9cnica dodecaf\u00f4nica de Luigi Dallapiccola. &#8220;Terno, l\u00edrico e rom\u00e2ntico&#8221;, anunciou ela. Para muitos, a m\u00fasica dodecaf\u00f4nica ainda \u00e9 a ep\u00edtome do inaud\u00edvel, pois \u00e9 m\u00fasica esdr\u00faxula. Birkholz demonstrou o contr\u00e1rio com sons filigranados e inspiradores. Ela levou o p\u00fablico a uma jornada sensual e emocional. Sua forma de tocar se tornou v\u00edvida e muito criativa quando ela apresentou ao p\u00fablico a pe\u00e7a &#8220;Inside-Piano&#8221;. Assim ela tem usado o piano de forma ainda mais colorida e orquestral atrav\u00e9s de t\u00e9cnicas de teclado e pedal diferenciados, al\u00e9m de t\u00e9cnicas avan\u00e7adas, a t\u00e9cnica &#8220;Inside-Piano&#8221;, tocando as cordas com as unhas e as pontas dos dedos. O efeito de seu assobio mel\u00f3dico dentro do instrumento tamb\u00e9m foi surpreendente. Todos os tons retornavam suaves e delicados de dentro do corpo em forma de eco.&#8221;<br \/>\n<strong>Mittelbayrische, 2017<\/strong><\/p><\/blockquote>\n<p>[\/vc_column_text][vc_column_text css_animation=&#8221;flipInX&#8221; el_class=&#8221;cb-block-quote&#8221;]<\/p>\n<blockquote class=\"wp-block-quote\"><p>&#8220;Extremamente interessante e certamente (&#8230;) o apogeu da noite de concerto: as cinco pe\u00e7as para piano de Henry Cowell interpretadas por Claudia Birkholz com absoluta soberania. Infelizmente, ouve-se Cowell muito raramente, e neste n\u00edvel alto quase nunca se ouve.&#8221;<br \/>\n<strong>Der neue Tag, Weiden 2002<\/strong><\/p><\/blockquote>\n<p>[\/vc_column_text][vc_column_text css_animation=&#8221;flipInX&#8221; el_class=&#8221;cb-block-quote&#8221;]<\/p>\n<blockquote class=\"wp-block-quote\"><p>&#8220;Claudia Birkholz brilha com o piano preparado.&#8221;<br \/>\n<strong>Der neue Tag, Weiden 2002<\/strong><\/p><\/blockquote>\n<p>[\/vc_column_text][vc_column_text css_animation=&#8221;flipInX&#8221; el_class=&#8221;cb-block-quote&#8221;]<\/p>\n<blockquote class=\"wp-block-quote\"><p>&#8220;\u00c9 um fen\u00f4meno \u00fanico, o piano de brinquedo, maliciosamente leva sua travessura aos limites da M\u00fasica Nova nem sempre t\u00e3o s\u00e9ria. A Sra. Birkholz interpretou composi\u00e7\u00f5es de John Cage, Julia Wolfe, Manfred Stahnke e outros com intelecto e verve. Uma experi\u00eancia auditiva peculiar e surpreendente.&#8221;<br \/>\n<strong>KulturStattBern, 2008<\/strong><\/p><\/blockquote>\n<p>[\/vc_column_text][vc_column_text css_animation=&#8221;flipInX&#8221; el_class=&#8221;cb-block-quote&#8221;]<\/p>\n<blockquote class=\"wp-block-quote\"><p>&#8220;A interpreta\u00e7\u00e3o &#8220;into the blue&#8221; de Birkholz para violino, piano e acompanhamento de fita cassete atravessa um cosmos emocionante, bem ouvido, rangente e vibrante de graves e agudos. Nenhum dos instrumentos \u00e9 tocado de maneira convencional.&#8221;<br \/>\n<strong>Weser-Kurier, 2007<\/strong><\/p><\/blockquote>\n<p>[\/vc_column_text][vc_column_text css_animation=&#8221;flipInX&#8221; el_class=&#8221;cb-block-quote&#8221;]<\/p>\n<blockquote class=\"wp-block-quote\"><p>&#8220;(&#8230;) o que foi apresentado em Weiden pode ser descrito com a consci\u00eancia tranquila como o auge cultural da temporada art\u00edstica. Claudia Birkholz preparou o piano com parafusos, cavilhas e porcas para depois fazer um verdadeiro concerto de mestre com pe\u00e7as de John Cage.&#8221;<br \/>\n<strong>Der neue Tag<\/strong><\/p><\/blockquote>\n<p>[\/vc_column_text][vc_column_text css_animation=&#8221;flipInX&#8221; el_class=&#8221;cb-block-quote&#8221;]<\/p>\n<blockquote class=\"wp-block-quote\"><p>&#8220;(&#8230;) Um recital de piano com Claudia Janet Birkholz: um concerto indescrit\u00edvel e uma aventura sonora.&#8221;<br \/>\n<strong>Der neue Tag, 2003<\/strong><\/p><\/blockquote>\n<p>[\/vc_column_text][\/vc_column_inner][\/vc_row_inner][\/vc_column][\/vc_row]<\/p>\n<\/section>","protected":false},"excerpt":{"rendered":"<p>[vc_row full_width=&#8221;stretch_row&#8221; content_placement=&#8221;middle&#8221; el_class=&#8221;cb-header&#8221;][vc_column][vc_row_inner][vc_column_inner][vc_raw_html]PHAgY2xhc3M9ImNiLWNydW1iIj48c3Bhbj48L3NwYW4+IEN1cnLDrWN1bG88L3A+[\/vc_raw_html][vc_column_text] A paix\u00e3o. [\/vc_column_text][vc_column_text]Uma vida pela m\u00fasica. O que isso realmente significa? Algu\u00e9m vive para a m\u00fasica se ela representa a fonte de seu sustento? Ou algu\u00e9m viveu para a m\u00fasica quando a sua composi\u00e7\u00e3o ainda \u00e9 considerada inovadora depois de v\u00e1rias centenas de anos? No final, a defini\u00e7\u00e3o \u00e9 t\u00e3o individual&hellip;<\/p>\n","protected":false},"author":1,"featured_media":2905,"parent":0,"menu_order":0,"comment_status":"closed","ping_status":"closed","template":"","meta":[],"yoast_head":"<!-- This site is optimized with the Yoast SEO plugin v15.9.2 - https:\/\/yoast.com\/wordpress\/plugins\/seo\/ -->\n<title>Curr\u00edculo - Claudia Janet Birkholz<\/title>\n<meta name=\"robots\" content=\"noindex, follow, max-snippet:-1, max-image-preview:large, max-video-preview:-1\" \/>\n<meta property=\"og:locale\" content=\"pt_PT\" \/>\n<meta property=\"og:type\" content=\"article\" \/>\n<meta property=\"og:title\" content=\"Curr\u00edculo - Claudia Janet Birkholz\" \/>\n<meta property=\"og:description\" content=\"[vc_row full_width=&#8221;stretch_row&#8221; content_placement=&#8221;middle&#8221; el_class=&#8221;cb-header&#8221;][vc_column][vc_row_inner][vc_column_inner][vc_raw_html]PHAgY2xhc3M9ImNiLWNydW1iIj48c3Bhbj48L3NwYW4+IEN1cnLDrWN1bG88L3A+[\/vc_raw_html][vc_column_text] A paix\u00e3o. [\/vc_column_text][vc_column_text]Uma vida pela m\u00fasica. O que isso realmente significa? Algu\u00e9m vive para a m\u00fasica se ela representa a fonte de seu sustento? Ou algu\u00e9m viveu para a m\u00fasica quando a sua composi\u00e7\u00e3o ainda \u00e9 considerada inovadora depois de v\u00e1rias centenas de anos? No final, a defini\u00e7\u00e3o \u00e9 t\u00e3o individual&hellip;\" \/>\n<meta property=\"og:url\" content=\"https:\/\/portfolio.yd-media.de\/birkholz\/pt-pt\/curriculo\/\" \/>\n<meta property=\"og:site_name\" content=\"Claudia Janet Birkholz\" \/>\n<meta property=\"article:publisher\" content=\"https:\/\/www.facebook.com\/CJBirkholz\" \/>\n<meta property=\"article:modified_time\" content=\"2020-12-21T11:35:59+00:00\" \/>\n<meta property=\"og:image\" content=\"https:\/\/portfolio.yd-media.de\/birkholz\/wp-content\/uploads\/2020\/12\/cjb-social-img.jpg\" \/>\n\t<meta property=\"og:image:width\" content=\"1200\" \/>\n\t<meta property=\"og:image:height\" content=\"630\" \/>\n<meta name=\"twitter:card\" content=\"summary_large_image\" \/>\n<meta name=\"twitter:label1\" content=\"Tempo estimado de leitura\">\n\t<meta name=\"twitter:data1\" content=\"14 minutos\">\n<script type=\"application\/ld+json\" class=\"yoast-schema-graph\">{\"@context\":\"https:\/\/schema.org\",\"@graph\":[{\"@type\":\"WebSite\",\"@id\":\"https:\/\/portfolio.yd-media.de\/birkholz\/#website\",\"url\":\"https:\/\/portfolio.yd-media.de\/birkholz\/\",\"name\":\"Claudia Janet Birkholz\",\"description\":\"Claudia Janet Birkholz ist Pianistin und Dozentin f\\u00fcr Klavier und zeitgen\\u00f6ssische Musik an der Hochschule f\\u00fcr K\\u00fcnste Bremen (HfK).\",\"potentialAction\":[{\"@type\":\"SearchAction\",\"target\":\"https:\/\/portfolio.yd-media.de\/birkholz\/?s={search_term_string}\",\"query-input\":\"required name=search_term_string\"}],\"inLanguage\":\"pt-PT\"},{\"@type\":\"ImageObject\",\"@id\":\"https:\/\/portfolio.yd-media.de\/birkholz\/pt-pt\/curriculo\/#primaryimage\",\"inLanguage\":\"pt-PT\",\"url\":\"https:\/\/portfolio.yd-media.de\/birkholz\/wp-content\/uploads\/2020\/12\/cjb-social-img.jpg\",\"width\":1200,\"height\":630},{\"@type\":\"WebPage\",\"@id\":\"https:\/\/portfolio.yd-media.de\/birkholz\/pt-pt\/curriculo\/#webpage\",\"url\":\"https:\/\/portfolio.yd-media.de\/birkholz\/pt-pt\/curriculo\/\",\"name\":\"Curr\\u00edculo - Claudia Janet Birkholz\",\"isPartOf\":{\"@id\":\"https:\/\/portfolio.yd-media.de\/birkholz\/#website\"},\"primaryImageOfPage\":{\"@id\":\"https:\/\/portfolio.yd-media.de\/birkholz\/pt-pt\/curriculo\/#primaryimage\"},\"datePublished\":\"2020-12-15T14:56:02+00:00\",\"dateModified\":\"2020-12-21T11:35:59+00:00\",\"breadcrumb\":{\"@id\":\"https:\/\/portfolio.yd-media.de\/birkholz\/pt-pt\/curriculo\/#breadcrumb\"},\"inLanguage\":\"pt-PT\",\"potentialAction\":[{\"@type\":\"ReadAction\",\"target\":[\"https:\/\/portfolio.yd-media.de\/birkholz\/pt-pt\/curriculo\/\"]}]},{\"@type\":\"BreadcrumbList\",\"@id\":\"https:\/\/portfolio.yd-media.de\/birkholz\/pt-pt\/curriculo\/#breadcrumb\",\"itemListElement\":[{\"@type\":\"ListItem\",\"position\":1,\"item\":{\"@type\":\"WebPage\",\"@id\":\"https:\/\/portfolio.yd-media.de\/birkholz\/pt-pt\/\",\"url\":\"https:\/\/portfolio.yd-media.de\/birkholz\/pt-pt\/\",\"name\":\"Startseite\"}},{\"@type\":\"ListItem\",\"position\":2,\"item\":{\"@type\":\"WebPage\",\"@id\":\"https:\/\/portfolio.yd-media.de\/birkholz\/pt-pt\/curriculo\/\",\"url\":\"https:\/\/portfolio.yd-media.de\/birkholz\/pt-pt\/curriculo\/\",\"name\":\"Curr\\u00edculo\"}}]}]}<\/script>\n<!-- \/ Yoast SEO plugin. -->","_links":{"self":[{"href":"https:\/\/portfolio.yd-media.de\/birkholz\/pt-pt\/wp-json\/wp\/v2\/pages\/1212"}],"collection":[{"href":"https:\/\/portfolio.yd-media.de\/birkholz\/pt-pt\/wp-json\/wp\/v2\/pages"}],"about":[{"href":"https:\/\/portfolio.yd-media.de\/birkholz\/pt-pt\/wp-json\/wp\/v2\/types\/page"}],"author":[{"embeddable":true,"href":"https:\/\/portfolio.yd-media.de\/birkholz\/pt-pt\/wp-json\/wp\/v2\/users\/1"}],"replies":[{"embeddable":true,"href":"https:\/\/portfolio.yd-media.de\/birkholz\/pt-pt\/wp-json\/wp\/v2\/comments?post=1212"}],"version-history":[{"count":11,"href":"https:\/\/portfolio.yd-media.de\/birkholz\/pt-pt\/wp-json\/wp\/v2\/pages\/1212\/revisions"}],"predecessor-version":[{"id":2671,"href":"https:\/\/portfolio.yd-media.de\/birkholz\/pt-pt\/wp-json\/wp\/v2\/pages\/1212\/revisions\/2671"}],"wp:featuredmedia":[{"embeddable":true,"href":"https:\/\/portfolio.yd-media.de\/birkholz\/pt-pt\/wp-json\/wp\/v2\/media\/2905"}],"wp:attachment":[{"href":"https:\/\/portfolio.yd-media.de\/birkholz\/pt-pt\/wp-json\/wp\/v2\/media?parent=1212"}],"curies":[{"name":"wp","href":"https:\/\/api.w.org\/{rel}","templated":true}]}}