{"id":664,"date":"2020-11-20T14:02:53","date_gmt":"2020-11-20T13:02:53","guid":{"rendered":"http:\/\/claudiabirkholz.de\/startseite\/"},"modified":"2020-12-16T15:54:46","modified_gmt":"2020-12-16T14:54:46","slug":"startseite","status":"publish","type":"page","link":"https:\/\/portfolio.yd-media.de\/birkholz\/es\/","title":{"rendered":"P\u00e1gina de inicio"},"content":{"rendered":"<section class=\"wpb-content-wrapper\"><p>[vc_row full_width=\u00bbstretch_row_content\u00bb el_class=\u00bbstart-div\u00bb css=\u00bb.vc_custom_1603969818573{padding-right: 0px !important;padding-left: 0px !important;}\u00bb][vc_column css=\u00bb.vc_custom_1603969824773{padding-right: 0px !important;padding-left: 0px !important;}\u00bb][vc_raw_html]PGRpdiBjbGFzcz0iYmlyay1oZWFkZXIiPjwvZGl2Pg==[\/vc_raw_html][\/vc_column][\/vc_row][vc_row][vc_column][vc_row_inner][vc_column_inner]<div class=\"ult-spacer spacer-69f74693b5342\" data-id=\"69f74693b5342\" data-height=\"50\" data-height-mobile=\"10\" data-height-tab=\"\" data-height-tab-portrait=\"\" data-height-mobile-landscape=\"10\" style=\"clear:both;display:block;\"><\/div>[vc_column_text]<\/p>\n<h1>Una int\u00e9rprete apasionada.<br \/>\nUna concertista de piano del mundo.<\/h1>\n<p>[\/vc_column_text][vc_column_text]\u00a1M\u00fasica! En ocasiones expresiva y virtuosa, otras veces sutil y con delicados matices, Claudia Janet Birkholz dedica todo su talento creador art\u00edstico al arte sonoro. La infinita profundidad de su mundo musical, su absoluto control t\u00e9cnico del instrumento y la sorprendente originalidad de sus interpretaciones entusiasman a su p\u00fablico. La magia de esta concertista de piano de fama internacional narra la m\u00fasica de las m\u00e1s diversas maneras, convierte los sonidos en palabras, abre el o\u00eddo y el coraz\u00f3n a una experiencia musical completamente nueva. Con esta finalidad re\u00fane a invitados de renombre para los conciertos-debate, emprende eventos culturales y desarrolla nuevos enfoques interdisciplinares. Y, como docente en la Escuela Superior de Artes de Bremen, forja desde hace 25 a\u00f1os a los j\u00f3venes talentos musicales, as\u00ed como a generaciones enteras de artistas. Claudia Janet Birkholz es excepcional en su disciplina. No solo desplaza las fronteras del arte sonoro, sino que las disuelve por completo. Y crea una vivencia musical sin parang\u00f3n.<br \/>\n[\/vc_column_text]<div class=\"ult-spacer spacer-69f74693b5364\" data-id=\"69f74693b5364\" data-height=\"10\" data-height-mobile=\"10\" data-height-tab=\"10\" data-height-tab-portrait=\"\" data-height-mobile-landscape=\"\" style=\"clear:both;display:block;\"><\/div>[vc_separator]<div class=\"ult-spacer spacer-69f74693b5378\" data-id=\"69f74693b5378\" data-height=\"10\" data-height-mobile=\"10\" data-height-tab=\"10\" data-height-tab-portrait=\"\" data-height-mobile-landscape=\"\" style=\"clear:both;display:block;\"><\/div>[\/vc_column_inner][\/vc_row_inner][\/vc_column][\/vc_row][vc_row][vc_column][vc_row_inner][vc_column_inner el_class=\u00bbthird-div\u00bb width=\u00bb1\/3&#8243;][vc_column_text]<\/p>\n<h3>Recitales<br \/>\nvirtuosos<\/h3>\n<p>[\/vc_column_text][vc_column_text css=\u00bb.vc_custom_1604398090029{margin-bottom: 0px !important;border-bottom-width: 0px !important;padding-bottom: 0px !important;}\u00bb]Claudia Janet Birkholz es conocida por su virtuosa interpretaci\u00f3n al piano. Con cada nota transporta al p\u00fablico a una nueva dimensi\u00f3n del arte sonoro, desafiando los h\u00e1bitos de escucha y ampliando la comprensi\u00f3n musical. En sus actuaciones como solista y en grupo ha tocado en prestigiosas salas de conciertos de las mayores metr\u00f3polis de la m\u00fasica. Sorprende, embelesa a su p\u00fablico, fascina a todos los niveles. Ya sea con interpretaciones originales o nuevas t\u00e9cnicas de interpretaci\u00f3n musical contempor\u00e1nea.[\/vc_column_text]<div class=\"ult-spacer spacer-69f74693b5388\" data-id=\"69f74693b5388\" data-height=\"20\" data-height-mobile=\"20\" data-height-tab=\"20\" data-height-tab-portrait=\"\" data-height-mobile-landscape=\"\" style=\"clear:both;display:block;\"><\/div>[vc_column_text]<a class=\"cb-link\" style=\"display: none;\" href=\"http:\/\/claudiabirkholz.de\/es\/repertoire\/\">Ir al Repertorio<\/a>[\/vc_column_text][\/vc_column_inner][vc_column_inner el_class=\u00bbthird-div\u00bb width=\u00bb1\/3&#8243;][vc_column_text]<\/p>\n<h3>Los enriquecedores<br \/>\nconciertos-debate<\/h3>\n<p>[\/vc_column_text][vc_column_text css=\u00bb.vc_custom_1604397869635{margin-bottom: 0px !important;border-bottom-width: 0px !important;padding-bottom: 0px !important;}\u00bb]<\/p>\n<p class=\"p1\"><span class=\"s1\">\u00bfQu\u00e9 tiene que ver la m\u00fasica con la neurociencia o con las matem\u00e1ticas? \u00bfC\u00f3mo influye la inteligencia artificial en la composici\u00f3n musical? Claudia Janet Birkholz establece un formato \u00fanico con estos conciertos-debate dotados de moderador, permitiendo el intercambio entre el p\u00fablico y los invitados, procedentes del \u00e1mbito cient\u00edfico, as\u00ed como del arte y de la econom\u00eda, con lo que se obtiene un acceso totalmente nuevo a la m\u00fasica contempor\u00e1nea. Eventos culturales que generan conocimiento. Y que garantizan que lo inadvertido se escuche y se comprenda.<\/span><\/p>\n<p>[\/vc_column_text]<div class=\"ult-spacer spacer-69f74693b5397\" data-id=\"69f74693b5397\" data-height=\"20\" data-height-mobile=\"20\" data-height-tab=\"20\" data-height-tab-portrait=\"\" data-height-mobile-landscape=\"\" style=\"clear:both;display:block;\"><\/div>[vc_column_text]<a class=\"cb-link\" style=\"display: none;\" href=\"#\">Ir a Proyectos<\/a>[\/vc_column_text][\/vc_column_inner][vc_column_inner el_class=\u00bbthird-div\u00bb width=\u00bb1\/3&#8243;][vc_column_text]<\/p>\n<h3>Talleres<br \/>\ninspiradores<\/h3>\n<p>[\/vc_column_text][vc_column_text css=\u00bb.vc_custom_1604397878004{margin-bottom: 0px !important;border-bottom-width: 0px !important;padding-bottom: 0px !important;}\u00bb]Nuevos impulsos para la propia interpretaci\u00f3n. O primeros encuentros con el mundo de los sonidos. Claudia Janet Birkholz ofrece talleres que hacen que la m\u00fasica se pueda experimentar a un intenso nivel emocional. Ya sean artistas, estudiantes o personas que no dominen el instrumento, los participantes se aproximan a la m\u00fasica de una manera no convencional, cuestionando los patrones de pensamiento y ampliando su horizonte musical. Todo un reto. Un experimento. Una importante experiencia para la propia actividad art\u00edstica.[\/vc_column_text]<div class=\"ult-spacer spacer-69f74693b53aa\" data-id=\"69f74693b53aa\" data-height=\"20\" data-height-mobile=\"20\" data-height-tab=\"20\" data-height-tab-portrait=\"\" data-height-mobile-landscape=\"\" style=\"clear:both;display:block;\"><\/div>[vc_column_text]<a class=\"cb-link\" style=\"display: none;\" href=\"#\">Ir a Talleres<\/a>[\/vc_column_text][\/vc_column_inner][\/vc_row_inner][\/vc_column][\/vc_row][vc_row][vc_column]<div class=\"ult-spacer spacer-69f74693b53ba\" data-id=\"69f74693b53ba\" data-height=\"60\" data-height-mobile=\"0\" data-height-tab=\"\" data-height-tab-portrait=\"\" data-height-mobile-landscape=\"0\" style=\"clear:both;display:block;\"><\/div>[\/vc_column][\/vc_row][vc_row full_width=\u00bbstretch_row\u00bb content_placement=\u00bbmiddle\u00bb el_class=\u00bbaktuelles-div aktuelles-div-resp-2&#8243;][vc_column][vc_row_inner content_placement=\u00bbmiddle\u00bb el_class=\u00bbevent-div\u00bb][vc_column_inner width=\u00bb1\/3&#8243;][\/vc_column_inner][vc_column_inner el_class=\u00bbaktuelles-text-1&#8243; width=\u00bb2\/3&#8243;]<div class=\"ult-spacer spacer-69f74693b53c9\" data-id=\"69f74693b53c9\" data-height=\"20\" data-height-mobile=\"50\" data-height-tab=\"\" data-height-tab-portrait=\"\" data-height-mobile-landscape=\"50\" style=\"clear:both;display:block;\"><\/div>[vc_column_text]<\/p>\n<h2 class=\"cb-white\">Todos los conciertos y eventos:<br \/>\n<span class=\"cb-spin\" style=\"opacity: .8;\">Escuche y presencie en directo a Claudia Janet Birkholz!<\/span><\/h2>\n<p>[\/vc_column_text][vc_column_text]Sus conciertos y eventos constituyen un hecho cultural destacado: Aqu\u00ed podr\u00e1 conocer de un vistazo d\u00f3nde escuchar a Claudia Janet Birkholz pr\u00f3ximamente.[\/vc_column_text][vc_column_text]<a class=\"cb-link-invert\" href=\"#\">Ir a Resumen de eventos<\/a>[\/vc_column_text]<div class=\"ult-spacer spacer-69f74693b53d7\" data-id=\"69f74693b53d7\" data-height=\"0\" data-height-mobile=\"300\" data-height-tab=\"\" data-height-tab-portrait=\"\" data-height-mobile-landscape=\"300\" style=\"clear:both;display:block;\"><\/div>[\/vc_column_inner][\/vc_row_inner][\/vc_column][\/vc_row][vc_row][vc_column]<div class=\"ult-spacer spacer-69f74693b53e4\" data-id=\"69f74693b53e4\" data-height=\"60\" data-height-mobile=\"60\" data-height-tab=\"60\" data-height-tab-portrait=\"\" data-height-mobile-landscape=\"\" style=\"clear:both;display:block;\"><\/div>[\/vc_column][\/vc_row][vc_row content_placement=\u00bbmiddle\u00bb el_class=\u00bbvita-div\u00bb][vc_column][vc_row_inner content_placement=\u00bbmiddle\u00bb][vc_column_inner width=\u00bb1\/2&#8243;][vc_raw_html]PGRpdj4NCjxoMT5UcmF5ZWN0b3JpYTxzcGFuIGNsYXNzPSJjYi1oLWxpbmUiPjwvc3Bhbj48L2gxPg0KPC9kaXY+[\/vc_raw_html][vc_column_text]Act\u00faa como solista y en grupo en prestigiosos festivales internacionales. Dise\u00f1a programas mediante los que incurre en nuevas direcciones musicales. Sus actuaciones en escena no se olvidan f\u00e1cilmente. Claudia Janet Birkholz, nacida en Bremen, ama y vive la m\u00fasica contempor\u00e1nea en todas sus dimensiones. Y, como reputada int\u00e9rprete de piano, se circunscribe con su actividad art\u00edstica a lo m\u00e1s alto del panorama internacional del arte sonoro contempor\u00e1neo.[\/vc_column_text][vc_column_text]<a class=\"cb-link\" href=\"http:\/\/claudiabirkholz.de\/es\/trayectoria\/\">Conocer m\u00e1s<\/a>[\/vc_column_text]<div class=\"ult-spacer spacer-69f74693b53f1\" data-id=\"69f74693b53f1\" data-height=\"0\" data-height-mobile=\"200\" data-height-tab=\"\" data-height-tab-portrait=\"\" data-height-mobile-landscape=\"200\" style=\"clear:both;display:block;\"><\/div>[\/vc_column_inner][vc_column_inner width=\u00bb1\/2&#8243;][\/vc_column_inner][\/vc_row_inner][\/vc_column][\/vc_row][vc_row content_placement=\u00bbmiddle\u00bb el_class=\u00bbanfrage-div\u00bb][vc_column][vc_row_inner][vc_column_inner]<div class=\"ult-spacer spacer-69f74693b53fd\" data-id=\"69f74693b53fd\" data-height=\"50\" data-height-mobile=\"50\" data-height-tab=\"50\" data-height-tab-portrait=\"\" data-height-mobile-landscape=\"\" style=\"clear:both;display:block;\"><\/div>[\/vc_column_inner][\/vc_row_inner][vc_row_inner content_placement=\u00bbmiddle\u00bb][vc_column_inner width=\u00bb2\/3&#8243;][vc_column_text css=\u00bb.vc_custom_1604321531011{margin-bottom: 0px !important;border-bottom-width: 0px !important;padding-bottom: 0px !important;}\u00bb]<\/p>\n<h3>Conozca a Claudia Janet Birkholz<\/h3>\n<p>[\/vc_column_text]<div class=\"ult-spacer spacer-69f74693b5409\" data-id=\"69f74693b5409\" data-height=\"20\" data-height-mobile=\"20\" data-height-tab=\"20\" data-height-tab-portrait=\"\" data-height-mobile-landscape=\"\" style=\"clear:both;display:block;\"><\/div>[vc_column_text]Actuaciones, conciertos-debate, talleres o intercambios cient\u00edficos y culturales. Claudia Janet Birkholz ofrece programas y formatos con los m\u00e1s diversos motivos y demandas, manteni\u00e9ndose siempre abierta a nuevos impulsos. No dude en ponerse en contacto con nosotros para que hablemos de aquello que le despierta inter\u00e9s y para poder experimentar, con nuestra colaboraci\u00f3n, momentos especiales del arte sonoro en una nueva dimensi\u00f3n.[\/vc_column_text][vc_raw_html]PGEgY2xhc3M9ImNiLWJ0biIgaHJlZj0iaHR0cHM6Ly9jbGF1ZGlhLWJpcmtob2x6LmRlL2VzL3NvbGljaXR1ZGVzLyI+U29saWNpdGFyIGFob3JhPGkgY2xhc3M9ImZhcyBmYS1sb25nLWFycm93LWFsdC1yaWdodCBjYi1idG4taS1yIj48L2k+PC9hPg==[\/vc_raw_html][\/vc_column_inner][vc_column_inner width=\u00bb1\/3&#8243;][\/vc_column_inner][\/vc_row_inner][\/vc_column][\/vc_row][vc_row][vc_column]<div class=\"ult-spacer spacer-69f74693b5419\" data-id=\"69f74693b5419\" data-height=\"60\" data-height-mobile=\"0\" data-height-tab=\"\" data-height-tab-portrait=\"\" data-height-mobile-landscape=\"0\" style=\"clear:both;display:block;\"><\/div>[\/vc_column][\/vc_row]<\/p>\n<\/section>","protected":false},"excerpt":{"rendered":"<p>[vc_row full_width=\u00bbstretch_row_content\u00bb el_class=\u00bbstart-div\u00bb css=\u00bb.vc_custom_1603969818573{padding-right: 0px !important;padding-left: 0px !important;}\u00bb][vc_column css=\u00bb.vc_custom_1603969824773{padding-right: 0px !important;padding-left: 0px !important;}\u00bb][vc_raw_html]PGRpdiBjbGFzcz0iYmlyay1oZWFkZXIiPjwvZGl2Pg==[\/vc_raw_html][\/vc_column][\/vc_row][vc_row][vc_column][vc_row_inner][vc_column_inner][vc_column_text] Una int\u00e9rprete apasionada. Una concertista de piano del mundo. [\/vc_column_text][vc_column_text]\u00a1M\u00fasica! En ocasiones expresiva y virtuosa, otras veces sutil y con delicados matices, Claudia Janet Birkholz dedica todo su talento creador art\u00edstico al arte sonoro. La infinita profundidad de su mundo musical, su&hellip;<\/p>\n","protected":false},"author":1,"featured_media":2907,"parent":0,"menu_order":0,"comment_status":"closed","ping_status":"closed","template":"","meta":[],"yoast_head":"<!-- This site is optimized with the Yoast SEO plugin v15.9.2 - https:\/\/yoast.com\/wordpress\/plugins\/seo\/ -->\n<title>P\u00e1gina de inicio - Claudia Janet Birkholz<\/title>\n<meta name=\"robots\" content=\"noindex, follow, max-snippet:-1, max-image-preview:large, max-video-preview:-1\" \/>\n<meta property=\"og:locale\" content=\"es_ES\" \/>\n<meta property=\"og:type\" content=\"article\" \/>\n<meta property=\"og:title\" content=\"P\u00e1gina de inicio - Claudia Janet Birkholz\" \/>\n<meta property=\"og:description\" content=\"[vc_row full_width=\u00bbstretch_row_content\u00bb el_class=\u00bbstart-div\u00bb css=\u00bb.vc_custom_1603969818573{padding-right: 0px !important;padding-left: 0px !important;}\u00bb][vc_column css=\u00bb.vc_custom_1603969824773{padding-right: 0px !important;padding-left: 0px !important;}\u00bb][vc_raw_html]PGRpdiBjbGFzcz0iYmlyay1oZWFkZXIiPjwvZGl2Pg==[\/vc_raw_html][\/vc_column][\/vc_row][vc_row][vc_column][vc_row_inner][vc_column_inner][vc_column_text] Una int\u00e9rprete apasionada. Una concertista de piano del mundo. [\/vc_column_text][vc_column_text]\u00a1M\u00fasica! En ocasiones expresiva y virtuosa, otras veces sutil y con delicados matices, Claudia Janet Birkholz dedica todo su talento creador art\u00edstico al arte sonoro. La infinita profundidad de su mundo musical, su&hellip;\" \/>\n<meta property=\"og:url\" content=\"https:\/\/portfolio.yd-media.de\/birkholz\/es\/\" \/>\n<meta property=\"og:site_name\" content=\"Claudia Janet Birkholz\" \/>\n<meta property=\"article:publisher\" content=\"https:\/\/www.facebook.com\/CJBirkholz\" \/>\n<meta property=\"article:modified_time\" content=\"2020-12-16T14:54:46+00:00\" \/>\n<meta property=\"og:image\" content=\"https:\/\/portfolio.yd-media.de\/birkholz\/wp-content\/uploads\/2020\/12\/cjb-social-img.jpg\" \/>\n\t<meta property=\"og:image:width\" content=\"1200\" \/>\n\t<meta property=\"og:image:height\" content=\"630\" \/>\n<meta name=\"twitter:card\" content=\"summary_large_image\" \/>\n<meta name=\"twitter:label1\" content=\"Tiempo de lectura\">\n\t<meta name=\"twitter:data1\" content=\"6 minutos\">\n<script type=\"application\/ld+json\" class=\"yoast-schema-graph\">{\"@context\":\"https:\/\/schema.org\",\"@graph\":[{\"@type\":\"WebSite\",\"@id\":\"https:\/\/portfolio.yd-media.de\/birkholz\/#website\",\"url\":\"https:\/\/portfolio.yd-media.de\/birkholz\/\",\"name\":\"Claudia Janet Birkholz\",\"description\":\"Claudia Janet Birkholz ist Pianistin und Dozentin f\\u00fcr Klavier und zeitgen\\u00f6ssische Musik an der Hochschule f\\u00fcr K\\u00fcnste Bremen (HfK).\",\"potentialAction\":[{\"@type\":\"SearchAction\",\"target\":\"https:\/\/portfolio.yd-media.de\/birkholz\/?s={search_term_string}\",\"query-input\":\"required name=search_term_string\"}],\"inLanguage\":\"es\"},{\"@type\":\"ImageObject\",\"@id\":\"https:\/\/portfolio.yd-media.de\/birkholz\/es\/#primaryimage\",\"inLanguage\":\"es\",\"url\":\"https:\/\/portfolio.yd-media.de\/birkholz\/wp-content\/uploads\/2020\/12\/cjb-social-img.jpg\",\"width\":1200,\"height\":630},{\"@type\":\"WebPage\",\"@id\":\"https:\/\/portfolio.yd-media.de\/birkholz\/es\/#webpage\",\"url\":\"https:\/\/portfolio.yd-media.de\/birkholz\/es\/\",\"name\":\"P\\u00e1gina de inicio - Claudia Janet Birkholz\",\"isPartOf\":{\"@id\":\"https:\/\/portfolio.yd-media.de\/birkholz\/#website\"},\"primaryImageOfPage\":{\"@id\":\"https:\/\/portfolio.yd-media.de\/birkholz\/es\/#primaryimage\"},\"datePublished\":\"2020-11-20T13:02:53+00:00\",\"dateModified\":\"2020-12-16T14:54:46+00:00\",\"breadcrumb\":{\"@id\":\"https:\/\/portfolio.yd-media.de\/birkholz\/es\/#breadcrumb\"},\"inLanguage\":\"es\",\"potentialAction\":[{\"@type\":\"ReadAction\",\"target\":[\"https:\/\/portfolio.yd-media.de\/birkholz\/es\/\"]}]},{\"@type\":\"BreadcrumbList\",\"@id\":\"https:\/\/portfolio.yd-media.de\/birkholz\/es\/#breadcrumb\",\"itemListElement\":[{\"@type\":\"ListItem\",\"position\":1,\"item\":{\"@type\":\"WebPage\",\"@id\":\"https:\/\/portfolio.yd-media.de\/birkholz\/es\/\",\"url\":\"https:\/\/portfolio.yd-media.de\/birkholz\/es\/\",\"name\":\"Startseite\"}},{\"@type\":\"ListItem\",\"position\":2,\"item\":{\"@type\":\"WebPage\",\"@id\":\"https:\/\/portfolio.yd-media.de\/birkholz\/es\/\",\"url\":\"https:\/\/portfolio.yd-media.de\/birkholz\/es\/\",\"name\":\"P\\u00e1gina de inicio\"}}]}]}<\/script>\n<!-- \/ Yoast SEO plugin. -->","_links":{"self":[{"href":"https:\/\/portfolio.yd-media.de\/birkholz\/es\/wp-json\/wp\/v2\/pages\/664"}],"collection":[{"href":"https:\/\/portfolio.yd-media.de\/birkholz\/es\/wp-json\/wp\/v2\/pages"}],"about":[{"href":"https:\/\/portfolio.yd-media.de\/birkholz\/es\/wp-json\/wp\/v2\/types\/page"}],"author":[{"embeddable":true,"href":"https:\/\/portfolio.yd-media.de\/birkholz\/es\/wp-json\/wp\/v2\/users\/1"}],"replies":[{"embeddable":true,"href":"https:\/\/portfolio.yd-media.de\/birkholz\/es\/wp-json\/wp\/v2\/comments?post=664"}],"version-history":[{"count":13,"href":"https:\/\/portfolio.yd-media.de\/birkholz\/es\/wp-json\/wp\/v2\/pages\/664\/revisions"}],"predecessor-version":[{"id":1758,"href":"https:\/\/portfolio.yd-media.de\/birkholz\/es\/wp-json\/wp\/v2\/pages\/664\/revisions\/1758"}],"wp:featuredmedia":[{"embeddable":true,"href":"https:\/\/portfolio.yd-media.de\/birkholz\/es\/wp-json\/wp\/v2\/media\/2907"}],"wp:attachment":[{"href":"https:\/\/portfolio.yd-media.de\/birkholz\/es\/wp-json\/wp\/v2\/media?parent=664"}],"curies":[{"name":"wp","href":"https:\/\/api.w.org\/{rel}","templated":true}]}}